{"id":775,"date":"2018-06-14T15:11:59","date_gmt":"2018-06-14T13:11:59","guid":{"rendered":"https:\/\/brendy.pl\/?page_id=775"},"modified":"2020-11-17T19:27:51","modified_gmt":"2020-11-17T18:27:51","slug":"polityka-prywatnosci","status":"publish","type":"page","link":"https:\/\/brendy.pl\/pl_pl\/polityka-prywatnosci\/","title":{"rendered":""},"content":{"rendered":"<div id=\"\" class=\"fw-main-row \"  style=\"\">\r\n\t<div class=\"container-fluid\">\r\n\t\t\r\n<div class=\"fw-row\">\r\n\t<div class=\"fw-col-xs-12 grid-column\"  style=\"\">\r\n\t<h5><span style=\"color: #fb5100;\"><strong>Polityka Prywatno\u015bci<\/strong><\/span><\/h5><ol><li>Polityka Prywatno\u015bci dla serwisu internetowego: www.brendy.pl (\u201ePolityka Prywatno\u015bci\u201d) przedstawia zasady dotycz\u0105ce przetwarzania danych osobowych oraz gromadzenia, przetwarzania i wykorzystywania informacji o U\u017cytkownikach.<\/li><li>U\u017cyte w niniejszej Polityce Prywatno\u015bci definicje maj\u0105 nast\u0119puj\u0105ce znaczenie:<\/li><\/ol><ul><li>RODO - Rozporz\u0105dzenie Parlamentu Europejskiego i Rady (UE) 2016\/679 z dnia 27 kwietnia 2016 r. w sprawie ochrony os\u00f3b fizycznych w zwi\u0105zku z przetwarzaniem danych osobowych i w sprawie swobodnego przep\u0142ywu takich danych oraz uchylenia dyrektywy 95\/46\/WE (og\u00f3lne rozporz\u0105dzenie o ochronie danych)<\/li><li>Administrator danych osobowych (ADO)- oznacza osob\u0119 fizyczn\u0105 lub prawn\u0105, organ publiczny, jednostk\u0119 lub inny podmiot, kt\u00f3ry samodzielnie lub wsp\u00f3lnie z innymi ustala cele i sposoby przetwarzania danych osobowych.<\/li><\/ul><p><strong>Jak przetwarzamy Twoje dane?<\/strong><\/p><p>Na mocy art. 13 Rozporz\u0105dzenia UE 2016\/679 z 27 kwietnia 2018 (zwanym dalej RODO) informujemy, i\u017c Administratorem przekazanych przez U\u017cytkownika danych osobowych jest: Brendy Joanna \u0106wik z siedzib\u0105 w Kielcach. Dane kontaktowe administratora: tel. 72 8888 594 mail: studio@brendy.pl<\/p><p>Administrator mo\u017ce przetwarza\u0107 nast\u0119puj\u0105ce dane osobowe U\u017cytkownik\u00f3w: imi\u0119, adres e-mail, numer telefonu, miasto, preferencje u\u017cytkownika, lokalizacja, obszar zainteresowania,dane przetwarzane w ramach us\u0142ugi Google Analitics: unikalny identyfikator reklamowy u\u017cytkownika, adres IP, lokalizacja, aktywno\u015b\u0107 w internecie.<\/p><p>Brendy Joanna \u0106wik przetwarza dane osobowe U\u017cytkownika w nast\u0119puj\u0105cych celach:<\/p><p>a) wy\u015bwietlania tre\u015bci serwisu oraz prowadzenia komunikacji. Podstaw\u0105 prawn\u0105 przetwarzania danych osobowych jest art. 6 ust.1 lit. b, czyli przetwarzanie jest niezb\u0119dne do wykonania umowy, kt\u00f3rej stron\u0105 jest osoba, kt\u00f3rej dane dotycz\u0105, lub do podj\u0119cia dzia\u0142a\u0144 na \u017c\u0105danie osoby, kt\u00f3rej dane dotycz\u0105, przed zawarciem umowy.<\/p><p>b) realizacji us\u0142ug wybranych przez U\u017cytkownik\u00f3w. Podstaw\u0105 prawn\u0105 przetwarzania danych osobowych jest art. 6 ust.1 lit. b, czyli przetwarzanie jest niezb\u0119dne do wykonania umowy, kt\u00f3rej stron\u0105 jest osoba, kt\u00f3rej dane dotycz\u0105, lub do podj\u0119cia dzia\u0142a\u0144 na \u017c\u0105danie osoby, kt\u00f3rej dane dotycz\u0105, przed zawarciem umowy.<\/p><p>c) realizacji prawnie uzasadnionego interesu administratora polegaj\u0105cego na dochodzeniu roszcze\u0144 i ochrony przed roszczeniami, na podstawie art.6 ust.1 pkt. f RODO.<\/p><p>d) statystycznych i reklamowych, przy u\u017cyciu narz\u0119dzia Google analitics. Podstaw\u0105 przetwarzania danych jest art. 6 ust. 1 lit a, czyli osoba, kt\u00f3rej dane dotycz\u0105 wyrazi\u0142a zgod\u0119 na przetwarzanie swoich danych osobowych.<\/p><p><strong>Twoje prawa<\/strong><\/p><p>Zgodnie z RODO informujemy, i\u017c U\u017cytkownicy korzystaj\u0105cy z us\u0142ug maj\u0105 prawo do:<\/p><p>- \u017c\u0105dania dost\u0119pu do swoich danych osobowych,<\/p><p>- do ich sprostowania,<\/p><p>- do usuni\u0119cia,<\/p><p>- do ograniczenia przetwarzania,<\/p><p>- do wniesienia sprzeciwu wobec przetwarzania,<\/p><p>-\u00a0 do przenoszenia danych<\/p><p>- do cofni\u0119cia zgody w dowolnym momencie bez wp\u0142ywu na zgodno\u015b\u0107 z prawem przetwarzania (je\u017celi przetwarzanie odbywa si\u0119 na podstawie zgody), kt\u00f3rego dokonano na podstawie zgody przed jej cofni\u0119ciem.<\/p><p>Osobie, kt\u00f3rej dane osobowe s\u0105 przetwarzane przys\u0142uguje prawo wniesienia skargi w zakresie przetwarzania danych do organu nadzorczego, kt\u00f3rym jest Prezes Urz\u0119du Ochrony Danych.<\/p><p><strong>Jak d\u0142ugo b\u0119dziemy przechowywa\u0107 Twoje dane?<\/strong><\/p><p>Informujemy, i\u017c dane osobowe U\u017cytkownik\u00f3w b\u0119d\u0105 przetwarzane przez okres niezb\u0119dny do realizacji wymienianych w punkcie 3 powy\u017cej cel\u00f3w:<\/p><p>a) w zakresie realizacji us\u0142ug- przez okres niezb\u0119dny do realizacji us\u0142ug i po tym okresie w oparciu o obecnie obowi\u0105zuj\u0105ce przepisy prawa.<\/p><p>b) w zakresie dochodzenia roszcze\u0144 i ochrony przed roszczeniami- 5 lat od ko\u0144ca roku kalendarzowego<\/p><p>c) w zakresie statystki i reklam- do momentu wycofania zgody.<\/p><p><strong>\u00a0<\/strong><\/p><p><strong>Odbiorcy danych<\/strong><\/p><p>Brendy Joanna \u0106wik mo\u017ce przekazywa\u0107 dane podmiotom \u015bwiadcz\u0105cym us\u0142ugi na rzecz administratora (np. biuro ksi\u0119gowe, dostawca hostingu).<\/p><p>Odbiorc\u0105 danych zbieranych za pomoc\u0105 Google analitics jest firma Google Inc., 1600 Amphitheatre Parkway, Mountain View, CA 94043, USA., z kt\u00f3r\u0105 zawarli\u015bmy umow\u0119 powierzenia danych. W zwi\u0105zku z transferem danych osobowych poza Europejski Obszar Gospodarowania, informujemy, \u017ce sp\u00f3\u0142ka przyst\u0105pi\u0142a do programu Tarcza Prywatno\u015bci UE-USA i uzyska\u0142a niezb\u0119dny certyfikat zgodno\u015bci z RODO:\u00a0<a href=\"https:\/\/www.privacyshield.gov\/participant?id=a2zt000000001L5AAI&amp;status=Active\">https:\/\/www.privacyshield.gov\/participant?id=a2zt000000001L5AAI&amp;status=Active<\/a><\/p><p>Wi\u0119cej informacji na temat post\u0119powania z danymi u\u017cytkownika w us\u0142udze Google Analytics mo\u017cna znale\u017a\u0107 w polityce prywatno\u015bci Google pod adresem:\u00a0<a href=\"https:\/\/support.google.com\/analytics\/answer\/6004245?hl=pl\">https:\/\/support.google.com\/analytics\/answer\/6004245?hl=pl<\/a><\/p><p>Jak Google wykorzystuje dane gromadzone podczas korzystania z witryn i aplikacji naszych partner\u00f3w dowiesz si\u0119 tak\u017ce\u00a0 ze strony www znajduj\u0105cej si\u0119 pod adresem:\u00a0<a href=\"https:\/\/www.google.com\/policies\/privacy\/partners\/\">https:\/\/www.google.com\/policies\/privacy\/partners\/<\/a><\/p><p><strong>Bezpiecze\u0144stwo<\/strong><\/p><p>Serwis dok\u0142ada szczeg\u00f3lnych stara\u0144 w celu ochrony prywatno\u015bci oraz informacji dotycz\u0105cych U\u017cytkownik\u00f3w. Administrator z zachowaniem nale\u017cytej staranno\u015bci dobiera i stosuje odpowiednie \u015brodki techniczne, w tym o charakterze organizacyjnym i programistycznym, kt\u00f3re pozwalaj\u0105 na zapewnienie ochrony przetwarzanych danych. Brendy w szczeg\u00f3lno\u015bci zabezpiecza dane przed ich ujawnieniem, zniszczeniem, utraceniem i udost\u0119pnieniem osobom nieupowa\u017cnionym, a tak\u017ce nieuprawnion\u0105 modyfikacj\u0105 i przetwarzaniem z naruszeniem obowi\u0105zuj\u0105cych przepis\u00f3w prawa.<\/p><p><strong>Informacje dotycz\u0105ce Plik\u00f3w Cookies<\/strong><\/p><p>Podczas przegl\u0105dania Serwisu, stosownie do udzielonej zgody oraz konfiguracji przegl\u0105darki, na Twoim urz\u0105dzeniu (urz\u0105dzeniu ko\u0144cowym) mo\u017ce zosta\u0107 zapisany przez nas lub firm\u0119 wsp\u00f3\u0142pracuj\u0105c\u0105 (naszego podwykonawc\u0119) jeden lub kilka plik\u00f3w cookie. Prosimy o zapoznanie si\u0119 z poni\u017cszymi informacjami na temat plik\u00f3w cookie oraz sposobu ich wykorzystywania.<\/p><p>Cookies to ma\u0142e pliki, kt\u00f3re s\u0105 umieszczone na dysku twardym komputera podczas odwiedzania niekt\u00f3rych stron internetowych. Zawieraj\u0105 one informacje na temat urz\u0105dzenia i zazwyczaj nie zawieraj\u0105 \u017cadnych danych osobowych. Pliki te nie mog\u0105 by\u0107 wykorzystane do infekowania urz\u0105dzenia wirusami lub innym z\u0142o\u015bliwym oprogramowaniem.<\/p><p>W plikach cookies przechowujemy podstawowe, anonimowe informacje o u\u017cytkownikach (np. identyfikator) oraz dane s\u0142u\u017c\u0105ce podniesieniu komfortu korzystania z Serwisu, potrzebne dla optymalizacji i poprawnego wy\u015bwietlania tre\u015bci zawartych na stronach oraz kampanii reklamowych.<\/p><p>Jako u\u017cytkownik Serwisu mo\u017cesz w dowolnej chwili zaprzesta\u0107 dostarczania tych informacji Serwisowi poprzez wykasowanie plik\u00f3w cookies zapisanych na Twoich urz\u0105dzeniach ko\u0144cowych przez Serwis. Aby tego dokona\u0107 nale\u017cy zmieni\u0107 ustawienia aktualnie u\u017cywanej przegl\u0105darki internetowej.<\/p><p>Mo\u017cliwe jest r\u00f3wnie\u017c skonfigurowanie przegl\u0105darki w spos\u00f3b, kt\u00f3ry zablokuje instalacj\u0119 plik\u00f3w cookie dla okre\u015blonych, wybranych przez Ciebie stron internetowych lub dla wszystkich stron. Ustawienia takie spowoduj\u0105 jednak utrat\u0119 niekt\u00f3rych funkcjonalno\u015bci Serwisu, kt\u00f3re wymagaj\u0105 instalacji plik\u00f3w cookie. Zgodnie z wymogami Prawa Telekomunikacyjnego za potwierdzenie zgody na wykorzystanie plik\u00f3w cookies uznaje si\u0119 skonfigurowanie przegl\u0105darki pozwalaj\u0105ce na instalacj\u0119 plik\u00f3w cookies na komputerze.<\/p><p><strong>Informacje ko\u0144cowe<\/strong><\/p><p>Naszym celem jest zapewnienie jak najdalej posuni\u0119tej ochrony. Rozw\u00f3j technologii oraz rozw\u00f3j Serwisu powoduj\u0105, \u017ce polityka ochrony prywatno\u015bci mo\u017ce ulega\u0107 zmianom, o kt\u00f3rych b\u0119dziemy informowa\u0107 bie\u017c\u0105co na stronie dost\u0119pnej pod adresem: https:\/\/www.brendy.pl\/polityka-prywatnosci\/<\/p><\/div>\r\n<\/div>\r\n\r\n\t<\/div>\r\n<\/div>\r\n\n","protected":false},"excerpt":{"rendered":"<p>Polityka Prywatno\u015bciPolityka Prywatno\u015bci dla serwisu internetowego: www.brendy.pl (\u201ePolityka Prywatno\u015bci\u201d) przedstawia zasady dotycz\u0105ce przetwarzania danych osobowych oraz gromadzenia, przetwarzania i wykorzystywania informacji o U\u017cytkownikach.U\u017cyte w niniejszej Polityce Prywatno\u015bci definicje maj\u0105 nast\u0119puj\u0105ce znaczenie:RODO &#8211; Rozporz\u0105dzenie Parlamentu Europejskiego i Rady (UE) 2016\/679 z dnia 27 kwietnia 2016 r. w sprawie ochrony os\u00f3b fizycznych w zwi\u0105zku z przetwarzaniem danych [&hellip;]<\/p>\n","protected":false},"author":2,"featured_media":0,"parent":0,"menu_order":1,"comment_status":"closed","ping_status":"closed","template":"","meta":[],"yoast_head":"<!-- This site is optimized with the Yoast SEO plugin v15.3 - https:\/\/yoast.com\/wordpress\/plugins\/seo\/ -->\n<title>- brendy.pl<\/title>\n<meta name=\"robots\" content=\"index, follow, max-snippet:-1, max-image-preview:large, max-video-preview:-1\" \/>\n<link rel=\"canonical\" href=\"https:\/\/brendy.pl\/pl_pl\/polityka-prywatnosci\/\" \/>\n<meta property=\"og:locale\" content=\"pl_PL\" \/>\n<meta property=\"og:type\" content=\"article\" \/>\n<meta property=\"og:title\" content=\"- brendy.pl\" \/>\n<meta property=\"og:description\" content=\"Polityka Prywatno\u015bciPolityka Prywatno\u015bci dla serwisu internetowego: www.brendy.pl (\u201ePolityka Prywatno\u015bci\u201d) przedstawia zasady dotycz\u0105ce przetwarzania danych osobowych oraz gromadzenia, przetwarzania i wykorzystywania informacji o U\u017cytkownikach.U\u017cyte w niniejszej Polityce Prywatno\u015bci definicje maj\u0105 nast\u0119puj\u0105ce znaczenie:RODO - Rozporz\u0105dzenie Parlamentu Europejskiego i Rady (UE) 2016\/679 z dnia 27 kwietnia 2016 r. w sprawie ochrony os\u00f3b fizycznych w zwi\u0105zku z przetwarzaniem danych [&hellip;]\" \/>\n<meta property=\"og:url\" content=\"https:\/\/brendy.pl\/pl_pl\/polityka-prywatnosci\/\" \/>\n<meta property=\"og:site_name\" content=\"brendy.pl\" \/>\n<meta property=\"article:modified_time\" content=\"2020-11-17T18:27:51+00:00\" \/>\n<meta name=\"twitter:card\" content=\"summary_large_image\" \/>\n<meta name=\"twitter:label1\" content=\"Written by\">\n\t<meta name=\"twitter:data1\" content=\"arek\">\n\t<meta name=\"twitter:label2\" content=\"Est. reading time\">\n\t<meta name=\"twitter:data2\" content=\"4 minuty\">\n<script type=\"application\/ld+json\" class=\"yoast-schema-graph\">{\"@context\":\"https:\/\/schema.org\",\"@graph\":[{\"@type\":\"WebSite\",\"@id\":\"https:\/\/brendy.pl\/#website\",\"url\":\"https:\/\/brendy.pl\/\",\"name\":\"brendy.pl\",\"description\":\"Studio kreatywne Brendy.pl LOGO+DESIGN\",\"potentialAction\":[{\"@type\":\"SearchAction\",\"target\":\"https:\/\/brendy.pl\/?s={search_term_string}\",\"query-input\":\"required name=search_term_string\"}],\"inLanguage\":\"pl-PL\"},{\"@type\":\"WebPage\",\"@id\":\"https:\/\/brendy.pl\/polityka-prywatnosci\/#webpage\",\"url\":\"https:\/\/brendy.pl\/polityka-prywatnosci\/\",\"name\":\"- brendy.pl\",\"isPartOf\":{\"@id\":\"https:\/\/brendy.pl\/#website\"},\"datePublished\":\"2018-06-14T13:11:59+00:00\",\"dateModified\":\"2020-11-17T18:27:51+00:00\",\"inLanguage\":\"pl-PL\",\"potentialAction\":[{\"@type\":\"ReadAction\",\"target\":[\"https:\/\/brendy.pl\/polityka-prywatnosci\/\"]}]}]}<\/script>\n<!-- \/ Yoast SEO plugin. -->","brizy_media":[],"_links":{"self":[{"href":"https:\/\/brendy.pl\/pl_pl\/wp-json\/wp\/v2\/pages\/775"}],"collection":[{"href":"https:\/\/brendy.pl\/pl_pl\/wp-json\/wp\/v2\/pages"}],"about":[{"href":"https:\/\/brendy.pl\/pl_pl\/wp-json\/wp\/v2\/types\/page"}],"author":[{"embeddable":true,"href":"https:\/\/brendy.pl\/pl_pl\/wp-json\/wp\/v2\/users\/2"}],"replies":[{"embeddable":true,"href":"https:\/\/brendy.pl\/pl_pl\/wp-json\/wp\/v2\/comments?post=775"}],"version-history":[{"count":15,"href":"https:\/\/brendy.pl\/pl_pl\/wp-json\/wp\/v2\/pages\/775\/revisions"}],"predecessor-version":[{"id":1054,"href":"https:\/\/brendy.pl\/pl_pl\/wp-json\/wp\/v2\/pages\/775\/revisions\/1054"}],"wp:attachment":[{"href":"https:\/\/brendy.pl\/pl_pl\/wp-json\/wp\/v2\/media?parent=775"}],"curies":[{"name":"wp","href":"https:\/\/api.w.org\/{rel}","templated":true}]}}